{"id":2481,"date":"2024-09-06T09:00:00","date_gmt":"2024-09-06T08:00:00","guid":{"rendered":"https:\/\/reformasnerja.com\/reformas-integrales-en-nerja\/"},"modified":"2024-12-15T13:55:35","modified_gmt":"2024-12-15T12:55:35","slug":"komplettsanierung","status":"publish","type":"page","link":"https:\/\/reformasnerja.com\/de\/komplettsanierung\/","title":{"rendered":"Komplettsanierung in Nerja und Umgebung"},"content":{"rendered":"<div id='full_slider_1'  class='avia-fullwidth-slider main_color avia-shadow   avia-builder-el-0  el_before_av_one_full  avia-builder-el-first   container_wrap fullsize'  >\n<style type=\"text\/css\" data-created_by=\"avia_inline_auto\" id=\"style-css-av-m4pivo10-aa0b705766ecc007ba6069acfd6c3fdd\">\n#top #wrap_all .avia-slideshow .av-slideshow-caption.av-m4pivo10-aa0b705766ecc007ba6069acfd6c3fdd__0 .avia-caption-title{\ncolor:#ffffff;\n}\n#top .avia-slideshow .av-slideshow-caption.av-m4pivo10-aa0b705766ecc007ba6069acfd6c3fdd__0 .avia-caption-content{\nfont-size:16px;\n}\n#top .avia-slideshow .av-slideshow-caption.av-m4pivo10-aa0b705766ecc007ba6069acfd6c3fdd__0 .avia-caption-content p{\nfont-size:16px;\n}\n\n@media only screen and (max-width: 479px){ \n#top #wrap_all .avia-slideshow .av-slideshow-caption.av-m4pivo10-aa0b705766ecc007ba6069acfd6c3fdd__0 .avia-caption-title{\nfont-size:26px;\n}\n}\n<\/style>\n<div  class='avia-slideshow av-m4pivo10-aa0b705766ecc007ba6069acfd6c3fdd avia-slideshow-featured av_slideshow_full avia-slide-slider av-slideshow-ui av-control-default av-slideshow-manual av-loop-once av-loop-manual-endless av-default-height-applied   avia-slideshow-1' data-slideshow-options=\"{&quot;animation&quot;:&quot;slide&quot;,&quot;autoplay&quot;:false,&quot;loop_autoplay&quot;:&quot;once&quot;,&quot;interval&quot;:5,&quot;loop_manual&quot;:&quot;manual-endless&quot;,&quot;autoplay_stopper&quot;:false,&quot;noNavigation&quot;:false,&quot;bg_slider&quot;:false,&quot;keep_padding&quot;:false,&quot;hoverpause&quot;:false,&quot;show_slide_delay&quot;:0}\"  itemprop=\"image\" itemscope=\"itemscope\" itemtype=\"https:\/\/schema.org\/ImageObject\" ><ul class='avia-slideshow-inner ' style='padding-bottom: 28.666666666667%;'><li  class='avia-slideshow-slide av-m4pivo10-aa0b705766ecc007ba6069acfd6c3fdd__0  av-single-slide slide-1 slide-odd'><div data-rel='slideshow-1' class='avia-slide-wrap '   ><div class='av-slideshow-caption av-m4pivo10-aa0b705766ecc007ba6069acfd6c3fdd__0 caption_fullwidth caption_left caption_left_framed caption_framed'><div class=\"container caption_container\"><div class=\"slideshow_caption\"><div class=\"slideshow_inner_caption\"><div class=\"slideshow_align_caption\"><h1 class='avia-caption-title '  itemprop=\"name\" >Komplettsanierung<\/h1><div class='avia-caption-content av_inherit_color'  itemprop=\"description\" ><p>Wir arbeiten in Nerja, Torrox, Frigiliana, Torre del Mar, V\u00e9lez-M\u00e1laga und anderen Orten in der Region.<\/p>\n<\/div><\/div><\/div><\/div><\/div><\/div><img src='https:\/\/reformasnerja.com\/wp-content\/uploads\/2024\/12\/yesos-nerja-1500x430.jpg' width='1500' height='430' title='yesos-nerja' alt='Reformas Integrales en Nerja'  itemprop=\"thumbnailUrl\"  style='min-height:350px; min-width:1221px; ' \/><div class='av-section-color-overlay' style='opacity: 0.5; background-color: #0a0301; '><\/div><\/div><\/li><\/ul><\/div><\/div><div id='after_full_slider_1'  class='main_color av_default_container_wrap container_wrap fullsize'  ><div class='container av-section-cont-open' ><div class='template-page content  av-content-full alpha units'><div class='post-entry post-entry-type-page post-entry-2481'><div class='entry-content-wrapper clearfix'>\n<div  class='flex_column av-hccwkx-0dc50b445a077c486354f8fca7a1d05d av_one_full  avia-builder-el-1  el_after_av_slideshow_full  el_before_av_one_full  avia-builder-el-first  first flex_column_div  '     ><p>\n<style type=\"text\/css\" data-created_by=\"avia_inline_auto\" id=\"style-css-av-m4piwrcz-b45d922bb4a19f2d772f2083d2be627b\">\n#top .av_textblock_section.av-m4piwrcz-b45d922bb4a19f2d772f2083d2be627b .avia_textblock{\nfont-size:16px;\ncolor:#969696;\n}\n<\/style>\n<section  class='av_textblock_section av-m4piwrcz-b45d922bb4a19f2d772f2083d2be627b '   itemscope=\"itemscope\" itemtype=\"https:\/\/schema.org\/CreativeWork\" ><div class='avia_textblock av_inherit_color'  itemprop=\"text\" ><p>Bei <strong>Reformas Nerja<\/strong> sind wir auf Komplettsanierungen spezialisiert. Wir wissen, dass eine vollst\u00e4ndige Renovierung Ihres Hauses eine sorgf\u00e4ltige Planung und eine makellose Umsetzung erfordert. Deshalb bieten wir individuelle L\u00f6sungen, die Design, Funktionalit\u00e4t und Komfort miteinander verbinden. Egal, ob Sie eine vollst\u00e4ndige Umgestaltung Ihres Zuhauses oder die Modernisierung bestimmter Bereiche w\u00fcnschen \u2013 unser Team von Fachleuten steht bereit, um Ihre Vision in die Realit\u00e4t umzusetzen.<\/p>\n<\/div><\/section><br \/>\n\n<style type=\"text\/css\" data-created_by=\"avia_inline_auto\" id=\"style-css-av-g52owh-2245f8c5c2fbeee6bc27574b896ca9f7\">\n.avia-image-diff-container.av-g52owh-2245f8c5c2fbeee6bc27574b896ca9f7 .av-image-diff-handle{\nbox-shadow:0 0 12px rgba(51, 51, 51, 0.5);\n}\n.avia-image-diff-container.av-g52owh-2245f8c5c2fbeee6bc27574b896ca9f7 .av-image-diff-handle:before{\nbox-shadow:0 3px 0 #fff, 0px 0px 12px rgba(51, 51, 51, 0.5);\n}\n.avia-image-diff-container.av-g52owh-2245f8c5c2fbeee6bc27574b896ca9f7 .av-image-diff-handle:after{\nbox-shadow:0 3px 0 #fff, 0px 0px 12px rgba(51, 51, 51, 0.5);\n}\n<\/style>\n<div  class='avia-image-diff-container av-g52owh-2245f8c5c2fbeee6bc27574b896ca9f7 av-handle-vertical av-handle-circle av-handle-border btn-style-rounded av-line-default avia-align-center  avia-builder-el-3  el_after_av_textblock  el_before_av_heading ' data-image_diff=\"{&quot;drag_start&quot;:&quot;&quot;}\"  itemprop=\"image\" itemscope=\"itemscope\" itemtype=\"https:\/\/schema.org\/ImageObject\" ><div class=\"av-image-diff-wrapper\"><img class='avia_image av-img-before ' src='https:\/\/reformasnerja.com\/wp-content\/uploads\/2024\/12\/antes-reforma-880x423.webp' alt='' title='antes-reforma'  height=\"423\" width=\"880\"  itemprop=\"thumbnailUrl\"  \/><img class='avia_image av-img-after' src='https:\/\/reformasnerja.com\/wp-content\/uploads\/2024\/12\/despues-reforma-Photoroom-880x423.webp' alt='' title='despues-reforma-Photoroom'  height=\"423\" width=\"880\"  itemprop=\"thumbnailUrl\"  \/><div class=\"av-image-diff-overlay\"><span class=\"av-img-diff-label label-before\">Before<\/span><span class=\"av-img-diff-label label-after\">After<\/span><\/div><div class=\"av-image-diff-handle\"><span class=\"av-handle-arrow av-handle-left-arrow\"><\/span><span class=\"av-handle-arrow av-handle-right-arrow\"><\/span><\/div><\/div><\/div><br \/>\n\n<style type=\"text\/css\" data-created_by=\"avia_inline_auto\" id=\"style-css-av-m4piy023-33bef38f82899c62c2c530c44fcee32c\">\n#top .av-special-heading.av-m4piy023-33bef38f82899c62c2c530c44fcee32c{\npadding-bottom:10px;\nfont-size:24px;\n}\nbody .av-special-heading.av-m4piy023-33bef38f82899c62c2c530c44fcee32c .av-special-heading-tag .heading-char{\nfont-size:25px;\npadding-bottom:10px;\n}\n#top #wrap_all .av-special-heading.av-m4piy023-33bef38f82899c62c2c530c44fcee32c .av-special-heading-tag{\nfont-size:24px;\n}\n.av-special-heading.av-m4piy023-33bef38f82899c62c2c530c44fcee32c .av-subheading{\nfont-size:15px;\n}\n\n@media only screen and (max-width: 479px){ \n#top #wrap_all .av-special-heading.av-m4piy023-33bef38f82899c62c2c530c44fcee32c .av-special-heading-tag{\nfont-size:24px;\n}\n}\n\n@media only screen and (min-width: 480px) and (max-width: 767px){ \n#top #wrap_all .av-special-heading.av-m4piy023-33bef38f82899c62c2c530c44fcee32c .av-special-heading-tag{\nfont-size:0.8em;\n}\n}\n<\/style>\n<div  class='av-special-heading av-m4piy023-33bef38f82899c62c2c530c44fcee32c av-special-heading-h2 blockquote elegant-quote elegant-centered  avia-builder-el-4  el_after_av_image_diff  el_before_av_textblock  av-inherit-size av-icon'><h2 class='av-special-heading-tag '  itemprop=\"headline\"  ><span class='heading-char avia-iconfont avia-font-entypo-fontello' data-av_icon='\ue828' data-av_iconfont='entypo-fontello' ><\/span><span class=\"heading-wrap\">Bauleistungen<\/span><\/h2><div class=\"special-heading-border\"><div class=\"special-heading-inner-border\"><\/div><\/div><\/div><br \/>\n\n<style type=\"text\/css\" data-created_by=\"avia_inline_auto\" id=\"style-css-av-m4piye8t-1c9615f1282ee01b7c450aed1bdc71ce\">\n#top .av_textblock_section.av-m4piye8t-1c9615f1282ee01b7c450aed1bdc71ce .avia_textblock{\nfont-size:16px;\ncolor:#969696;\n}\n<\/style>\n<section  class='av_textblock_section av-m4piye8t-1c9615f1282ee01b7c450aed1bdc71ce '   itemscope=\"itemscope\" itemtype=\"https:\/\/schema.org\/CreativeWork\" ><div class='avia_textblock av_inherit_color'  itemprop=\"text\" ><p>Wir arbeiten mit Ihnen zusammen, um ma\u00dfgeschneiderte Komplettsanierungsl\u00f6sungen zu entwerfen und umzusetzen, die Design, Funktionalit\u00e4t und Komfort vereinen. Entdecken Sie, wie wir Ihr Zuhause oder Ihr Gesch\u00e4ft in einzigartige, auf Ihre Bed\u00fcrfnisse zugeschnittene R\u00e4ume verwandeln k\u00f6nnen, mit unseren spezialisierten Dienstleistungen.<\/p>\n<\/div><\/section><br \/>\n\n<style type=\"text\/css\" data-created_by=\"avia_inline_auto\" id=\"style-css-av-djuupt-978d004d6761b392c2b0621c2148b673\">\n#top .hr.hr-invisible.av-djuupt-978d004d6761b392c2b0621c2148b673{\nheight:2px;\n}\n<\/style>\n<div  class='hr av-djuupt-978d004d6761b392c2b0621c2148b673 hr-invisible  avia-builder-el-6  el_after_av_textblock  el_before_av_catalogue '><span class='hr-inner '><span class=\"hr-inner-style\"><\/span><\/span><\/div><br \/>\n<div  class='av-catalogue-container av-m4pj9cfo-d09fdb2509f6cfa72e620260c4d4b9af  avia-builder-el-7  el_after_av_hr  el_before_av_heading '><ul class='av-catalogue-list'>\n<li><div class='av-catalogue-item av-m4pizswh-79883dceda054de7e728ff5f26101cff' ><img src='https:\/\/reformasnerja.com\/wp-content\/uploads\/2024\/12\/yesos-nerja-180x180.jpg' title='yesos-nerja' alt='Reformas Integrales en Nerja' class='av-catalogue-image' \/><div class=\"av-catalogue-item-inner\"><div class=\"av-catalogue-title-container\"><div class='av-catalogue-title'>Komplettsanierung Ihres Zuhauses<\/div><div class='av-catalogue-price'><\/div><\/div><div class=\"av-catalogue-content\">\nWir verwandeln Ihr Zuhause mit umfassenden Renovierungen, die Design, Funktionalit\u00e4t und hochwertige Verarbeitung vereinen. Wir f\u00fchren Renovierungen f\u00fcr alle Arten von Immobilien durch, darunter Wohnungen, Apartments, H\u00e4user und mehr \u2013 individuell abgestimmt auf Ihre Bed\u00fcrfnisse und Ihren Lebensstil.<br \/>\n<\/div><\/div><\/div><\/li>\n<li><a href=\"https:\/\/reformasnerja.com\/de\/renovierungen-von-gewerbeflachen-und-buros-in-nerja\/\"  class='av-catalogue-item av-m4pj0wau-e1ed2fa0bdad488564638bd31c61da61' title=\"Reformas de locales comerciales\" aria-label=\"Reformas de locales comerciales\"><img src='https:\/\/reformasnerja.com\/wp-content\/uploads\/2024\/10\/locales-comerciales-nerja-opt-180x180.jpg' title='locales-comerciales-nerja-opt' alt='Reforma de locales comerciales y oficinas en Nerja' class='av-catalogue-image' \/><div class=\"av-catalogue-item-inner\"><div class=\"av-catalogue-title-container\"><div class='av-catalogue-title'>Renovierung von Gewerbefl\u00e4chen<\/div><div class='av-catalogue-price'><\/div><\/div><div class=\"av-catalogue-content\">\nWir gestalten und renovieren Gewerbefl\u00e4chen, um Funktionalit\u00e4t und Attraktivit\u00e4t zu maximieren. Von der Raumaufteilung bis zu den Oberfl\u00e4chen stellen wir sicher, dass die Renovierung auf die Bed\u00fcrfnisse Ihres Unternehmens abgestimmt ist und den geltenden Vorschriften entspricht.<br \/>\n<\/div><\/div><\/a><\/li>\n<li><a href=\"https:\/\/reformasnerja.com\/de\/kuchenrenovierung\/\"  class='av-catalogue-item av-m4pj2dle-96755ee62a1ff290c2d3ed56ee9e2ad1' ><img src='https:\/\/reformasnerja.com\/wp-content\/uploads\/2024\/10\/Carpinteria-de-madera-nerja-180x180.webp' title='Carpinteria de madera nerja' alt='Carpinteria de madera nerja' class='av-catalogue-image' \/><div class=\"av-catalogue-item-inner\"><div class=\"av-catalogue-title-container\"><div class='av-catalogue-title'>K\u00fcchenrenovierungen<\/div><div class='av-catalogue-price'><\/div><\/div><div class=\"av-catalogue-content\">\nWir modernisieren Ihre K\u00fcche mit individuellen L\u00f6sungen, einschlie\u00dflich M\u00f6beln, Arbeitsplatten und Ger\u00e4ten. Wir schaffen funktionale und \u00e4sthetisch ansprechende R\u00e4ume, die zum Herzst\u00fcck Ihres Zuhauses werden.<br \/>\n<\/div><\/div><\/a><\/li>\n<li><a href=\"https:\/\/reformasnerja.com\/de\/badsanierung\/\"  class='av-catalogue-item av-m4pj2xt5-74bc5e1aebbe5ab6efb27361d795bfd7' ><img src='https:\/\/reformasnerja.com\/wp-content\/uploads\/2024\/10\/Badrumsrenoveringar-i-Nerja-180x180.webp' title='Badrumsrenoveringar i Nerja' alt='Badrumsrenoveringar i Nerja' class='av-catalogue-image' \/><div class=\"av-catalogue-item-inner\"><div class=\"av-catalogue-title-container\"><div class='av-catalogue-title'>Badezimmer Renovierungen<\/div><div class='av-catalogue-price'><\/div><\/div><div class=\"av-catalogue-content\">\nWir renovieren Ihr Badezimmer mit modernen Designs, hochwertigen Materialien und sorgf\u00e4ltiger Liebe zum Detail. Wir garantieren Funktionalit\u00e4t, Komfort und makellose Ausf\u00fchrungen bei jedem Projekt.<br \/>\n<\/div><\/div><\/a><\/li>\n<li><a href=\"https:\/\/reformasnerja.com\/de\/klimaanlagen-in-nerja\/\"  class='av-catalogue-item av-m4pj3vit-493797c35c6570f211b930ec0c1c0ded' ><img src='https:\/\/reformasnerja.com\/wp-content\/uploads\/2024\/12\/Alicatados-solados-nerja-180x180.webp' title='Alicatados-solados-nerja' alt='Alicatados y Solados Nerja' class='av-catalogue-image' \/><div class=\"av-catalogue-item-inner\"><div class=\"av-catalogue-title-container\"><div class='av-catalogue-title'>Fliesen- und Bodenarbeiten<\/div><div class='av-catalogue-price'><\/div><\/div><div class=\"av-catalogue-content\">\nWir sind spezialisiert auf die Verlegung von keramischen, porzellan- oder nat\u00fcrlichen B\u00f6den sowie Wandverkleidungen. Wir bieten langlebige und \u00e4sthetische L\u00f6sungen f\u00fcr Innen- und Au\u00dfenbereiche, die auf Ihre Bed\u00fcrfnisse und Ihren Stil abgestimmt sind.<br \/>\n<\/div><\/div><\/a><\/li>\n<li><a href=\"https:\/\/reformasnerja.com\/de\/experten-fur-gips-stuck-und-pladur\/\"  class='av-catalogue-item av-m4pj568v-dc69dc0bed5a007a1b30ec026890c918' ><img src='https:\/\/reformasnerja.com\/wp-content\/uploads\/2024\/12\/revestimiento-paredes-yeso-180x180.webp' title='revestimiento-paredes-yeso' alt='' class='av-catalogue-image' \/><div class=\"av-catalogue-item-inner\"><div class=\"av-catalogue-title-container\"><div class='av-catalogue-title'>Putz- und Trockenbauarbeiten<\/div><div class='av-catalogue-price'><\/div><\/div><div class=\"av-catalogue-content\">\nWir sind spezialisiert auf Putz- und Trockenbauarbeiten f\u00fcr Decken, W\u00e4nde und dekorative Elemente. Wir erstellen ma\u00dfgeschneiderte L\u00f6sungen mit glatten, langlebigen und widerstandsf\u00e4higen Oberfl\u00e4chen, die auf Ihre Design- und Funktionsanforderungen abgestimmt sind und ein makelloses Ergebnis garantieren.<br \/>\n<\/div><\/div><\/a><\/li>\n<li><div class='av-catalogue-item av-m4pj9a8i-c9408e8766d3add7b07d46d24ac01e29' ><img src='https:\/\/reformasnerja.com\/wp-content\/uploads\/2020\/11\/Multiservicios-y-mantenimiento-en-Nerja-180x180.jpg' title='Multiservicios y mantenimiento en Nerja' alt='Multiservicios y mantenimiento en Nerja' class='av-catalogue-image' \/><div class=\"av-catalogue-item-inner\"><div class=\"av-catalogue-title-container\"><div class='av-catalogue-title'>Other services<\/div><div class='av-catalogue-price'><\/div><\/div><div class=\"av-catalogue-content\">\nWir bieten <a href=\"https:\/\/reformasnerja.com\/de\/multiservice-und-wartung\/\">Multiservices und Wartung<\/a>, einschlie\u00dflich <a href=\"https:\/\/reformasnerja.com\/de\/klempner-in-nerja-installation-und-reparaturen\/\">Sanit\u00e4rarbeiten<\/a>, <a href=\"https:\/\/reformasnerja.com\/de\/elektriker\/\">Elektroarbeiten<\/a>, <a href=\"https:\/\/reformasnerja.com\/de\/aluminium-und-pvc-schreinerei\/\">Aluminium<\/a>, <a href=\"https:\/\/reformasnerja.com\/de\/metallbau-nerja-metallbauer\/\">Metall<\/a> und <a href=\"https:\/\/reformasnerja.com\/de\/aluminium-und-pvc-schreinerei\/\">PVC-Schreinerei<\/a>, <a href=\"https:\/\/reformasnerja.com\/de\/klimaanlagen-in-nerja\/\">Klimaanlageninstallation<\/a>, sowie <a href=\"https:\/\/reformasnerja.com\/de\/malerei-und-dekoration\/\">Maler- und Dekorationsarbeiten<\/a>. Unser umfassendes Team ist bestens darauf vorbereitet, alle Anforderungen Ihres Hauses oder Unternehmens zu erf\u00fcllen.<br \/>\n<\/div><\/div><\/div><\/li>\n<\/ul><\/div><br \/>\n\n<style type=\"text\/css\" data-created_by=\"avia_inline_auto\" id=\"style-css-av-m4pjaafg-51f2f094166783e185f165df12e165f8\">\n#top .av-special-heading.av-m4pjaafg-51f2f094166783e185f165df12e165f8{\npadding-bottom:10px;\nfont-size:24px;\n}\nbody .av-special-heading.av-m4pjaafg-51f2f094166783e185f165df12e165f8 .av-special-heading-tag .heading-char{\nfont-size:25px;\npadding-bottom:10px;\n}\n#top #wrap_all .av-special-heading.av-m4pjaafg-51f2f094166783e185f165df12e165f8 .av-special-heading-tag{\nfont-size:24px;\n}\n.av-special-heading.av-m4pjaafg-51f2f094166783e185f165df12e165f8 .av-subheading{\nfont-size:15px;\n}\n\n@media only screen and (max-width: 479px){ \n#top #wrap_all .av-special-heading.av-m4pjaafg-51f2f094166783e185f165df12e165f8 .av-special-heading-tag{\nfont-size:24px;\n}\n}\n\n@media only screen and (min-width: 480px) and (max-width: 767px){ \n#top #wrap_all .av-special-heading.av-m4pjaafg-51f2f094166783e185f165df12e165f8 .av-special-heading-tag{\nfont-size:0.8em;\n}\n}\n<\/style>\n<div  class='av-special-heading av-m4pjaafg-51f2f094166783e185f165df12e165f8 av-special-heading-h2 blockquote elegant-quote elegant-centered  avia-builder-el-8  el_after_av_catalogue  el_before_av_textblock  av-inherit-size av-icon'><h2 class='av-special-heading-tag '  itemprop=\"headline\"  ><span class='heading-char avia-iconfont avia-font-entypo-fontello' data-av_icon='\ue856' data-av_iconfont='entypo-fontello' ><\/span><span class=\"heading-wrap\">Arbeitsprozess<\/span><\/h2><div class=\"special-heading-border\"><div class=\"special-heading-inner-border\"><\/div><\/div><\/div><br \/>\n\n<style type=\"text\/css\" data-created_by=\"avia_inline_auto\" id=\"style-css-av-m4pj9zle-028841ecc3fe5e41666f268a28c54430\">\n#top .av_textblock_section.av-m4pj9zle-028841ecc3fe5e41666f268a28c54430 .avia_textblock{\nfont-size:16px;\ncolor:#969696;\n}\n<\/style>\n<section  class='av_textblock_section av-m4pj9zle-028841ecc3fe5e41666f268a28c54430 '   itemscope=\"itemscope\" itemtype=\"https:\/\/schema.org\/CreativeWork\" ><div class='avia_textblock av_inherit_color'  itemprop=\"text\" ><p class=\"p1\">Wenn Sie Ihr Zuhause oder Ihre Gewerbefl\u00e4che vollst\u00e4ndig transformieren m\u00f6chten, verstehen wir, dass jedes Detail z\u00e4hlt. Wir begleiten Sie durch jeden Schritt des Prozesses, um die Renovierung zu verwirklichen, die Sie sich vorstellen. So arbeiten wir:<\/p>\n<\/div><\/section><br \/>\n\n<style type=\"text\/css\" data-created_by=\"avia_inline_auto\" id=\"style-css-av-m4pjdf8s-0d9be63d33f75f43057d9c2607c37ad1\">\n.avia-timeline-container.av-m4pjdf8s-0d9be63d33f75f43057d9c2607c37ad1 .av-milestone-content{\nfont-size:16px;\ncolor:#969696;\n}\n.avia-timeline-container.av-m4pjdf8s-0d9be63d33f75f43057d9c2607c37ad1 .av-milestone-icon-inner{\nbackground-color:#f8f8f8;\ncolor:#2c353d;\n}\n.avia-timeline-container.av-m4pjdf8s-0d9be63d33f75f43057d9c2607c37ad1 .av-milestone-indicator{\nbackground-color:#f8f8f8;\n}\n.avia-timeline-container.av-m4pjdf8s-0d9be63d33f75f43057d9c2607c37ad1 .av-milestone-article-footer{\nbackground-color:#f8f8f8;\n}\n.avia-timeline-container.av-m4pjdf8s-0d9be63d33f75f43057d9c2607c37ad1 i.milestone-char.avia-svg-icon svg:first-child{\nfill:#2c353d;\nstroke:#2c353d;\n}\n<\/style>\n<div  id=\"avia-timeline-1\"  class='avia-timeline-container av-m4pjdf8s-0d9be63d33f75f43057d9c2607c37ad1 av-slideshow-ui  avia-builder-el-10  el_after_av_textblock  el_before_av_heading  avia-slideshow-carousel' avia-data-slides='3'><ul class='avia-timeline avia-timeline-horizontal av-milestone-placement-top avia-timeline-boxshadow avia_animate_when_almost_visible avia-timeline-animate'>\n<li  class='av-milestone av-m4pjb83r-b4676768c6f416910489a2f9c63e6668 av-animated-generic fade-in av-milestone-odd'><h2 class='av-milestone-date ' id='milestone-' aria-hidden='true' tabindex='-1'><strong><span class='av-milestone-indicator'><\/span><\/strong><\/h2><div class=\"av-milestone-icon-wrap\"><span class='av-milestone-icon milestone_icon avia-font-entypo-fontello'><span class='av-milestone-icon-inner milestone_inner'><i class='milestone-char avia-iconfont avia-font-entypo-fontello' data-av_icon='\ue80b' data-av_iconfont='entypo-fontello' ><\/i><\/span><\/span><\/div><article class='av-milestone-content-wrap'><div class='av-milestone-contentbox'><header class=\"entry-content-header\" aria-label=\"Milestone: 1. Erstbesuch\"><h4 class='av-milestone-title '>1. Erstbesuch<\/h4><\/header><div class='av-milestone-content'><p>Wir beginnen mit einem Treffen, um Ihre Bed\u00fcrfnisse zu verstehen und den Zustand Ihres Hauses oder Gewerberaums zu bewerten. Wir h\u00f6ren uns Ihre Ideen an, um die beste L\u00f6sung zu bieten, die auf Ihre Vision zugeschnitten ist.<\/p>\n<\/div><\/div><footer class='av-milestone-article-footer entry-footer'><\/footer><\/article><\/li>\n<li  class='av-milestone av-m4pjc7q6-98530a919e41837eea796738bf924cf5 av-animated-generic fade-in av-milestone-even'><h2 class='av-milestone-date ' id='milestone-' aria-hidden='true' tabindex='-1'><strong><span class='av-milestone-indicator'><\/span><\/strong><\/h2><div class=\"av-milestone-icon-wrap\"><span class='av-milestone-icon milestone_icon avia-font-entypo-fontello'><span class='av-milestone-icon-inner milestone_inner'><i class='milestone-char avia-iconfont avia-font-entypo-fontello' data-av_icon='\ue856' data-av_iconfont='entypo-fontello' ><\/i><\/span><\/span><\/div><article class='av-milestone-content-wrap'><div class='av-milestone-contentbox'><header class=\"entry-content-header\" aria-label=\"Milestone: 2. Budgetvorbereitung\"><h4 class='av-milestone-title '>2. Budgetvorbereitung<\/h4><\/header><div class='av-milestone-content'><p>Wir erstellen ein detailliertes und pers\u00f6nliches Angebot, das auf den Umfang der Renovierung abgestimmt ist und Ihren Budget- und spezifischen Anforderungen entspricht.<\/p>\n<\/div><\/div><footer class='av-milestone-article-footer entry-footer'><\/footer><\/article><\/li>\n<li  class='av-milestone av-m4pjddzt-aaab068a8ed15b9dfc10c6f0e3438cc9 av-animated-generic fade-in av-milestone-odd'><h2 class='av-milestone-date ' id='milestone-' aria-hidden='true' tabindex='-1'><strong><span class='av-milestone-indicator'><\/span><\/strong><\/h2><div class=\"av-milestone-icon-wrap\"><span class='av-milestone-icon milestone_icon avia-font-entypo-fontello'><span class='av-milestone-icon-inner milestone_inner'><i class='milestone-char avia-iconfont avia-font-entypo-fontello' data-av_icon='\ue803' data-av_iconfont='entypo-fontello' ><\/i><\/span><\/span><\/div><article class='av-milestone-content-wrap'><div class='av-milestone-contentbox'><header class=\"entry-content-header\" aria-label=\"Milestone: 3. Projektausf\u00fchrung\"><h4 class='av-milestone-title '>3. Projektausf\u00fchrung<\/h4><\/header><div class='av-milestone-content'><p>Wir beginnen mit der Renovierung und \u00fcbernehmen alle Aspekte des Projekts, um sicherzustellen, dass es wie vereinbart durchgef\u00fchrt wird und mit hochwertigen Endergebnissen abgeschlossen ist.<\/p>\n<\/div><\/div><footer class='av-milestone-article-footer entry-footer'><\/footer><\/article><\/li>\n<\/ul><div class='avia-slideshow-arrows avia-slideshow-controls av-timeline-nav ' ><a href='#prev' class='prev-slide prev-slide av-timeline-nav-prev av-nav-btn avia-svg-icon avia-font-svg_entypo-fontello' data-av_svg_icon='left-open-big' data-av_iconset='svg_entypo-fontello' tabindex='-1' title=\"Zur\u00fcck\"><svg version=\"1.1\" xmlns=\"http:\/\/www.w3.org\/2000\/svg\" width=\"15\" height=\"32\" viewBox=\"0 0 15 32\" preserveAspectRatio=\"xMidYMid meet\" aria-labelledby='av-svg-title-1' aria-describedby='av-svg-desc-1' role=\"graphics-symbol\" aria-hidden=\"true\">\n<title id='av-svg-title-1'>Zur\u00fcck<\/title>\n<desc id='av-svg-desc-1'>Zur\u00fcck<\/desc>\n<path d=\"M14.464 27.84q0.832 0.832 0 1.536-0.832 0.832-1.536 0l-12.544-12.608q-0.768-0.768 0-1.6l12.544-12.608q0.704-0.832 1.536 0 0.832 0.704 0 1.536l-11.456 11.904z\"><\/path>\n<\/svg><span class='avia_hidden_link_text'>Zur\u00fcck<\/span><\/a><a href='#next' class='next-slide next-slide av-timeline-nav-next av-nav-btn avia-svg-icon avia-font-svg_entypo-fontello' data-av_svg_icon='right-open-big' data-av_iconset='svg_entypo-fontello' tabindex='-1' title=\"Weiter\"><svg version=\"1.1\" xmlns=\"http:\/\/www.w3.org\/2000\/svg\" width=\"15\" height=\"32\" viewBox=\"0 0 15 32\" preserveAspectRatio=\"xMidYMid meet\" aria-labelledby='av-svg-title-2' aria-describedby='av-svg-desc-2' role=\"graphics-symbol\" aria-hidden=\"true\">\n<title id='av-svg-title-2'>Weiter<\/title>\n<desc id='av-svg-desc-2'>Weiter<\/desc>\n<path d=\"M0.416 27.84l11.456-11.84-11.456-11.904q-0.832-0.832 0-1.536 0.832-0.832 1.536 0l12.544 12.608q0.768 0.832 0 1.6l-12.544 12.608q-0.704 0.832-1.536 0-0.832-0.704 0-1.536z\"><\/path>\n<\/svg><span class='avia_hidden_link_text'>Weiter<\/span><\/a><\/div><\/div><br \/>\n\n<style type=\"text\/css\" data-created_by=\"avia_inline_auto\" id=\"style-css-av-m4pjdy8s-0ea774f986798819878cc7ddd7874650\">\n#top .av-special-heading.av-m4pjdy8s-0ea774f986798819878cc7ddd7874650{\npadding-bottom:10px;\nfont-size:24px;\n}\nbody .av-special-heading.av-m4pjdy8s-0ea774f986798819878cc7ddd7874650 .av-special-heading-tag .heading-char{\nfont-size:25px;\npadding-bottom:10px;\n}\n#top #wrap_all .av-special-heading.av-m4pjdy8s-0ea774f986798819878cc7ddd7874650 .av-special-heading-tag{\nfont-size:24px;\n}\n.av-special-heading.av-m4pjdy8s-0ea774f986798819878cc7ddd7874650 .av-subheading{\nfont-size:15px;\n}\n\n@media only screen and (max-width: 479px){ \n#top #wrap_all .av-special-heading.av-m4pjdy8s-0ea774f986798819878cc7ddd7874650 .av-special-heading-tag{\nfont-size:24px;\n}\n}\n\n@media only screen and (min-width: 480px) and (max-width: 767px){ \n#top #wrap_all .av-special-heading.av-m4pjdy8s-0ea774f986798819878cc7ddd7874650 .av-special-heading-tag{\nfont-size:0.8em;\n}\n}\n<\/style>\n<div  class='av-special-heading av-m4pjdy8s-0ea774f986798819878cc7ddd7874650 av-special-heading-h2 blockquote elegant-quote elegant-centered  avia-builder-el-11  el_after_av_timeline  el_before_av_hr  av-inherit-size av-icon'><h2 class='av-special-heading-tag '  itemprop=\"headline\"  ><span class='heading-char avia-iconfont avia-font-entypo-fontello' data-av_icon='\ue80b' data-av_iconfont='entypo-fontello' ><\/span><span class=\"heading-wrap\">WARUM UNS W\u00c4HLEN?<\/span><\/h2><div class=\"special-heading-border\"><div class=\"special-heading-inner-border\"><\/div><\/div><\/div><br \/>\n\n<style type=\"text\/css\" data-created_by=\"avia_inline_auto\" id=\"style-css-av-by5y75-1c7675cd0a2113f5f56234a877200356\">\n#top .hr.hr-invisible.av-by5y75-1c7675cd0a2113f5f56234a877200356{\nheight:15px;\n}\n<\/style>\n<div  class='hr av-by5y75-1c7675cd0a2113f5f56234a877200356 hr-invisible  avia-builder-el-12  el_after_av_heading  el_before_av_textblock '><span class='hr-inner '><span class=\"hr-inner-style\"><\/span><\/span><\/div><br \/>\n\n<style type=\"text\/css\" data-created_by=\"avia_inline_auto\" id=\"style-css-av-m4pjeag9-f1877e16c52c54aa2a3da5ad5319905c\">\n#top .av_textblock_section.av-m4pjeag9-f1877e16c52c54aa2a3da5ad5319905c .avia_textblock{\nfont-size:16px;\ncolor:#969696;\n}\n<\/style>\n<section  class='av_textblock_section av-m4pjeag9-f1877e16c52c54aa2a3da5ad5319905c '   itemscope=\"itemscope\" itemtype=\"https:\/\/schema.org\/CreativeWork\" ><div class='avia_textblock av_inherit_color'  itemprop=\"text\" ><ul>\n<li><strong>Umfassender Ansatz:<\/strong> Wir k\u00fcmmern uns um jede Phase Ihrer Renovierung, von der ersten Planung bis zur finalen Ausf\u00fchrung, einschlie\u00dflich der Verwaltung von Lizenzen, Genehmigungen und aller erforderlichen Dokumente, um Ergebnisse zu garantieren, die Ihren Erwartungen und Bed\u00fcrfnissen entsprechen.<\/li>\n<li><strong>Un\u00fcbertroffene Qualit\u00e4t:<\/strong> Wir verwenden Materialien h\u00f6chster Qualit\u00e4t und moderne Techniken, um langlebige und \u00e4sthetisch makellose Oberfl\u00e4chen zu liefern.<\/li>\n<li><strong>Experten- und interdisziplin\u00e4res Team:<\/strong> Unser Team von Spezialisten deckt alle Bereiche ab, von Bauarbeiten bis hin zur Dekoration, und sorgt f\u00fcr pr\u00e4zise und hochwertige Ausf\u00fchrung.<\/li>\n<li><strong>Umfassende und pers\u00f6nliche Beratung:<\/strong> Wir begleiten Sie bei jedem Schritt und bieten innovative L\u00f6sungen, die auf Ihr Budget zugeschnitten sind, um Ihre R\u00e4ume zu optimieren und zu transformieren.<\/li>\n<\/ul>\n<\/div><\/section><br \/>\n\n<style type=\"text\/css\" data-created_by=\"avia_inline_auto\" id=\"style-css-av-a7dsgh-883bfdad871c5709fbd1e7435190120d\">\n#top .hr.hr-invisible.av-a7dsgh-883bfdad871c5709fbd1e7435190120d{\nheight:15px;\n}\n<\/style>\n<div  class='hr av-a7dsgh-883bfdad871c5709fbd1e7435190120d hr-invisible  avia-builder-el-14  el_after_av_textblock  el_before_av_heading '><span class='hr-inner '><span class=\"hr-inner-style\"><\/span><\/span><\/div><br \/>\n\n<style type=\"text\/css\" data-created_by=\"avia_inline_auto\" id=\"style-css-av-m4pjg0zj-87352c422d8bb56a98796f677def0097\">\n#top .av-special-heading.av-m4pjg0zj-87352c422d8bb56a98796f677def0097{\npadding-bottom:10px;\nfont-size:24px;\n}\nbody .av-special-heading.av-m4pjg0zj-87352c422d8bb56a98796f677def0097 .av-special-heading-tag .heading-char{\nfont-size:25px;\npadding-bottom:10px;\n}\n#top #wrap_all .av-special-heading.av-m4pjg0zj-87352c422d8bb56a98796f677def0097 .av-special-heading-tag{\nfont-size:24px;\n}\n.av-special-heading.av-m4pjg0zj-87352c422d8bb56a98796f677def0097 .av-subheading{\nfont-size:15px;\n}\n\n@media only screen and (max-width: 479px){ \n#top #wrap_all .av-special-heading.av-m4pjg0zj-87352c422d8bb56a98796f677def0097 .av-special-heading-tag{\nfont-size:24px;\n}\n}\n\n@media only screen and (min-width: 480px) and (max-width: 767px){ \n#top #wrap_all .av-special-heading.av-m4pjg0zj-87352c422d8bb56a98796f677def0097 .av-special-heading-tag{\nfont-size:0.8em;\n}\n}\n<\/style>\n<div  class='av-special-heading av-m4pjg0zj-87352c422d8bb56a98796f677def0097 av-special-heading-h2 blockquote elegant-quote elegant-centered  avia-builder-el-15  el_after_av_hr  el_before_av_textblock  av-inherit-size av-icon'><h2 class='av-special-heading-tag '  itemprop=\"headline\"  ><span class='heading-char avia-iconfont avia-font-entypo-fontello' data-av_icon='\ue843' data-av_iconfont='entypo-fontello' ><\/span><span class=\"heading-wrap\">Komplettsanierungen von H\u00e4usern, Wohnungen und Apartments in Nerja, Torrox, Frigiliana und Umgebung<\/span><\/h2><div class=\"special-heading-border\"><div class=\"special-heading-inner-border\"><\/div><\/div><\/div><br \/>\n\n<style type=\"text\/css\" data-created_by=\"avia_inline_auto\" id=\"style-css-av-m4pjghdl-4294a7ecbab3e344822cfe5f07575dcf\">\n#top .av_textblock_section.av-m4pjghdl-4294a7ecbab3e344822cfe5f07575dcf .avia_textblock{\nfont-size:16px;\ncolor:#969696;\n}\n<\/style>\n<section  class='av_textblock_section av-m4pjghdl-4294a7ecbab3e344822cfe5f07575dcf '   itemscope=\"itemscope\" itemtype=\"https:\/\/schema.org\/CreativeWork\" ><div class='avia_textblock av_inherit_color'  itemprop=\"text\" ><p>Neben Nerja bieten wir unsere Dienstleistungen auch in Torrox, Frigiliana, Maro, Torre del Mar, V\u00e9lez-M\u00e1laga, Algarrobo, Chilches, Rinc\u00f3n de la Victoria und den umliegenden Gebieten an. Wir reisen zu jedem Ort in der Region, um Ihnen einen professionellen und pers\u00f6nlichen Service zu bieten.<\/p>\n<\/div><\/section><\/p><\/div>\n<style type=\"text\/css\" data-created_by=\"avia_inline_auto\" id=\"style-css-av-94swgh-28835021c86136160d537cbfbce7a40f\">\n#top .flex_column.av-94swgh-28835021c86136160d537cbfbce7a40f{\nmargin-top:15px;\nmargin-bottom:0px;\n}\n.responsive #top #wrap_all .flex_column.av-94swgh-28835021c86136160d537cbfbce7a40f{\nmargin-top:15px;\nmargin-bottom:0px;\n}\n<\/style>\n<div  class='flex_column av-94swgh-28835021c86136160d537cbfbce7a40f av_one_full  avia-builder-el-17  el_after_av_one_full  el_before_av_hr  first flex_column_div  column-top-margin'     ><p><br \/>\n\n<style type=\"text\/css\" data-created_by=\"avia_inline_auto\" id=\"style-css-av-5mdi5d-064cf8f3ba3fb4d05acfa5cda65baa0b\">\n#top .hr.hr-invisible.av-5mdi5d-064cf8f3ba3fb4d05acfa5cda65baa0b{\nheight:300px;\n}\n<\/style>\n<div  class='hr av-5mdi5d-064cf8f3ba3fb4d05acfa5cda65baa0b hr-invisible  avia-builder-el-19  el_after_av_codeblock  avia-builder-el-last '><span class='hr-inner '><span class=\"hr-inner-style\"><\/span><\/span><\/div><\/p><\/div><\/p>\n<div  class='hr av-3z48b5-e901d2326f0ccea2cec838d707031d7d hr-default  avia-builder-el-20  el_after_av_one_full  el_before_av_hr '><span class='hr-inner '><span class=\"hr-inner-style\"><\/span><\/span><\/div>\n\n<style type=\"text\/css\" data-created_by=\"avia_inline_auto\" id=\"style-css-av-2c6qup-d7e90bf54e8c517b9b1e6676ca539070\">\n#top .hr.hr-invisible.av-2c6qup-d7e90bf54e8c517b9b1e6676ca539070{\nheight:5px;\n}\n<\/style>\n<div  class='hr av-2c6qup-d7e90bf54e8c517b9b1e6676ca539070 hr-invisible  avia-builder-el-21  el_after_av_hr  el_before_av_codeblock '><span class='hr-inner '><span class=\"hr-inner-style\"><\/span><\/span><\/div>\n\n\n<style type=\"text\/css\" data-created_by=\"avia_inline_auto\" id=\"style-css-av-m4pjt8ns-5663461968a09a08bba44fdc741a0a4d\">\n#top .av-special-heading.av-m4pjt8ns-5663461968a09a08bba44fdc741a0a4d{\npadding-bottom:10px;\nfont-size:24px;\n}\nbody .av-special-heading.av-m4pjt8ns-5663461968a09a08bba44fdc741a0a4d .av-special-heading-tag .heading-char{\nfont-size:25px;\npadding-bottom:10px;\n}\n#top #wrap_all .av-special-heading.av-m4pjt8ns-5663461968a09a08bba44fdc741a0a4d .av-special-heading-tag{\nfont-size:24px;\n}\n.av-special-heading.av-m4pjt8ns-5663461968a09a08bba44fdc741a0a4d .av-subheading{\nfont-size:15px;\n}\n\n@media only screen and (max-width: 479px){ \n#top #wrap_all .av-special-heading.av-m4pjt8ns-5663461968a09a08bba44fdc741a0a4d .av-special-heading-tag{\nfont-size:24px;\n}\n}\n\n@media only screen and (min-width: 480px) and (max-width: 767px){ \n#top #wrap_all .av-special-heading.av-m4pjt8ns-5663461968a09a08bba44fdc741a0a4d .av-special-heading-tag{\nfont-size:0.8em;\n}\n}\n<\/style>\n<div  class='av-special-heading av-m4pjt8ns-5663461968a09a08bba44fdc741a0a4d av-special-heading-h2 blockquote elegant-quote elegant-centered  avia-builder-el-23  el_after_av_codeblock  el_before_av_toggle_container  av-inherit-size av-icon'><h2 class='av-special-heading-tag '  itemprop=\"headline\"  ><span class='heading-char avia-iconfont avia-font-entypo-fontello' data-av_icon='\ue81f' data-av_iconfont='entypo-fontello' ><\/span><span class=\"heading-wrap\">H\u00e4ufig gestellte Fragen<\/span><\/h2><div class=\"special-heading-border\"><div class=\"special-heading-inner-border\"><\/div><\/div><\/div>\n\n<style type=\"text\/css\" data-created_by=\"avia_inline_auto\" id=\"style-css-av-m4pjszo4-bed75b907666f07433f77e6dbcd22123\">\n#top .togglecontainer.av-m4pjszo4-bed75b907666f07433f77e6dbcd22123 p.toggler.activeTitle{\ncolor:#2c353d;\nborder-color:#2c353d;\n}\n#top .togglecontainer.av-m4pjszo4-bed75b907666f07433f77e6dbcd22123 p.toggler:not(.activeTitle):hover{\ncolor:#2c353d;\n}\n#top .togglecontainer.av-m4pjszo4-bed75b907666f07433f77e6dbcd22123 p.toggler:not(.activeTitle):hover .toggle_icon, #top .togglecontainer.av-m4pjszo4-bed75b907666f07433f77e6dbcd22123 p.toggler:not(.activeTitle):hover .toggle_icon *{\nborder-color:#2c353d !important;\n}\n#top .togglecontainer.av-m4pjszo4-bed75b907666f07433f77e6dbcd22123 p.toggler.activeTitle .toggle_icon, #top .togglecontainer.av-m4pjszo4-bed75b907666f07433f77e6dbcd22123 p.toggler.activeTitle .toggle_icon > span{\ncolor:#2c353d;\nborder-color:#2c353d;\n}\n#top .togglecontainer.av-m4pjszo4-bed75b907666f07433f77e6dbcd22123 .toggle_wrap .toggle_content{\nfont-size:16px;\n}\n<\/style>\n<div  class='togglecontainer av-m4pjszo4-bed75b907666f07433f77e6dbcd22123 av-elegant-toggle  avia-builder-el-24  el_after_av_heading  avia-builder-el-last  toggle_close_all hasCurrentStyle'  itemscope=\"itemscope\" itemtype=\"https:\/\/schema.org\/FAQPage\" >\n<section class='av_toggle_section av-m4pjo1t6-d4f4538c6842c1d50e736277ab8da742'  itemscope=\"itemscope\" itemprop=\"mainEntity\" itemtype=\"https:\/\/schema.org\/Question\" ><div role=\"tablist\" class=\"single_toggle\" data-tags=\"{Alle} \"  ><p id='toggle-toggle-id-1' data-fake-id='#toggle-id-1' class='toggler  av-title-above '  itemprop=\"name\"  role='tab' tabindex='0' aria-controls='toggle-id-1' data-slide-speed=\"200\" data-title=\"Was umfasst eine Komplettsanierung?\" data-title-open=\"\" data-aria_collapsed=\"Click to expand: Was umfasst eine Komplettsanierung?\" data-aria_expanded=\"Click to collapse: Was umfasst eine Komplettsanierung?\">Was umfasst eine Komplettsanierung?<span class=\"toggle_icon\"><span class=\"vert_icon\"><\/span><span class=\"hor_icon\"><\/span><\/span><\/p><div id='toggle-id-1' aria-labelledby='toggle-toggle-id-1' role='region' class='toggle_wrap  av-title-above'   itemscope=\"itemscope\" itemprop=\"acceptedAnswer\" itemtype=\"https:\/\/schema.org\/Answer\" ><div class='toggle_content invers-color '  itemprop=\"text\" ><p>Eine Komplettsanierung beinhaltet eine vollst\u00e4ndige Erneuerung eines Raums, von der ersten Planung bis zur Durchf\u00fchrung aller notwendigen Arbeiten: Abbruch, Installationen, Oberfl\u00e4chenarbeiten, Malerei, Dekoration und vieles mehr.<\/p>\n<\/div><\/div><\/div><\/section>\n<section class='av_toggle_section av-m4pjoeqj-6118815cea41c1cab54c4d124674d99f'  itemscope=\"itemscope\" itemprop=\"mainEntity\" itemtype=\"https:\/\/schema.org\/Question\" ><div role=\"tablist\" class=\"single_toggle\" data-tags=\"{Alle} \"  ><p id='toggle-toggle-id-2' data-fake-id='#toggle-id-2' class='toggler  av-title-above '  itemprop=\"name\"  role='tab' tabindex='0' aria-controls='toggle-id-2' data-slide-speed=\"200\" data-title=\"Bieten Sie einen Design-Service im Voraus an?\" data-title-open=\"\" data-aria_collapsed=\"Click to expand: Bieten Sie einen Design-Service im Voraus an?\" data-aria_expanded=\"Click to collapse: Bieten Sie einen Design-Service im Voraus an?\">Bieten Sie einen Design-Service im Voraus an?<span class=\"toggle_icon\"><span class=\"vert_icon\"><\/span><span class=\"hor_icon\"><\/span><\/span><\/p><div id='toggle-id-2' aria-labelledby='toggle-toggle-id-2' role='region' class='toggle_wrap  av-title-above'   itemscope=\"itemscope\" itemprop=\"acceptedAnswer\" itemtype=\"https:\/\/schema.org\/Answer\" ><div class='toggle_content invers-color '  itemprop=\"text\" ><p>Ja, wir bieten die M\u00f6glichkeit, einen 5D-Plan gegen Aufpreis zu erstellen, damit Sie Ihr Projekt vor Beginn detailliert visualisieren k\u00f6nnen.<\/p>\n<\/div><\/div><\/div><\/section>\n<section class='av_toggle_section av-m4pjpdvy-0aa5dfd46c37a4f9997ec93591e591af'  itemscope=\"itemscope\" itemprop=\"mainEntity\" itemtype=\"https:\/\/schema.org\/Question\" ><div role=\"tablist\" class=\"single_toggle\" data-tags=\"{Alle} \"  ><p id='toggle-toggle-id-3' data-fake-id='#toggle-id-3' class='toggler  av-title-above '  itemprop=\"name\"  role='tab' tabindex='0' aria-controls='toggle-id-3' data-slide-speed=\"200\" data-title=\"Kann ich nur einen Teil meiner Immobilie renovieren?\" data-title-open=\"\" data-aria_collapsed=\"Click to expand: Kann ich nur einen Teil meiner Immobilie renovieren?\" data-aria_expanded=\"Click to collapse: Kann ich nur einen Teil meiner Immobilie renovieren?\">Kann ich nur einen Teil meiner Immobilie renovieren?<span class=\"toggle_icon\"><span class=\"vert_icon\"><\/span><span class=\"hor_icon\"><\/span><\/span><\/p><div id='toggle-id-3' aria-labelledby='toggle-toggle-id-3' role='region' class='toggle_wrap  av-title-above'   itemscope=\"itemscope\" itemprop=\"acceptedAnswer\" itemtype=\"https:\/\/schema.org\/Answer\" ><div class='toggle_content invers-color '  itemprop=\"text\" ><p>Nat\u00fcrlich! Wir f\u00fchren auch Teilrenovierungen durch, wie z. B. K\u00fcchen, Badezimmer oder andere spezifische Bereiche Ihres Hauses oder Gesch\u00e4fts.<\/p>\n<\/div><\/div><\/div><\/section>\n<section class='av_toggle_section av-m4pjq1e7-9a7c73970be321ec0c4d7d852f094294'  itemscope=\"itemscope\" itemprop=\"mainEntity\" itemtype=\"https:\/\/schema.org\/Question\" ><div role=\"tablist\" class=\"single_toggle\" data-tags=\"{Alle} \"  ><p id='toggle-toggle-id-4' data-fake-id='#toggle-id-4' class='toggler  av-title-above '  itemprop=\"name\"  role='tab' tabindex='0' aria-controls='toggle-id-4' data-slide-speed=\"200\" data-title=\"Welche Materialien verwenden Sie?\" data-title-open=\"\" data-aria_collapsed=\"Click to expand: Welche Materialien verwenden Sie?\" data-aria_expanded=\"Click to collapse: Welche Materialien verwenden Sie?\">Welche Materialien verwenden Sie?<span class=\"toggle_icon\"><span class=\"vert_icon\"><\/span><span class=\"hor_icon\"><\/span><\/span><\/p><div id='toggle-id-4' aria-labelledby='toggle-toggle-id-4' role='region' class='toggle_wrap  av-title-above'   itemscope=\"itemscope\" itemprop=\"acceptedAnswer\" itemtype=\"https:\/\/schema.org\/Answer\" ><div class='toggle_content invers-color '  itemprop=\"text\" ><p>Wir arbeiten mit hochwertigen Materialien, von B\u00f6den, Verkleidungen und M\u00f6beln bis hin zu Sanit\u00e4r- und Elektroinstallationen. Wir passen uns Ihren Vorlieben und Ihrem Budget an.<\/p>\n<\/div><\/div><\/div><\/section>\n<section class='av_toggle_section av-m4pjr28i-96fc9c9eb3c7ae1808f6b9d977e39357'  itemscope=\"itemscope\" itemprop=\"mainEntity\" itemtype=\"https:\/\/schema.org\/Question\" ><div role=\"tablist\" class=\"single_toggle\" data-tags=\"{Alle} \"  ><p id='toggle-toggle-id-5' data-fake-id='#toggle-id-5' class='toggler  av-title-above '  itemprop=\"name\"  role='tab' tabindex='0' aria-controls='toggle-id-5' data-slide-speed=\"200\" data-title=\"K\u00fcmmern Sie sich um die erforderlichen Genehmigungen?\" data-title-open=\"\" data-aria_collapsed=\"Click to expand: K\u00fcmmern Sie sich um die erforderlichen Genehmigungen?\" data-aria_expanded=\"Click to collapse: K\u00fcmmern Sie sich um die erforderlichen Genehmigungen?\">K\u00fcmmern Sie sich um die erforderlichen Genehmigungen?<span class=\"toggle_icon\"><span class=\"vert_icon\"><\/span><span class=\"hor_icon\"><\/span><\/span><\/p><div id='toggle-id-5' aria-labelledby='toggle-toggle-id-5' role='region' class='toggle_wrap  av-title-above'   itemscope=\"itemscope\" itemprop=\"acceptedAnswer\" itemtype=\"https:\/\/schema.org\/Answer\" ><div class='toggle_content invers-color '  itemprop=\"text\" ><p>Ja, wir \u00fcbernehmen alle erforderlichen kommunalen Genehmigungen und Lizenzen, um sicherzustellen, dass Ihre Renovierung den geltenden Vorschriften entspricht.<\/p>\n<\/div><\/div><\/div><\/section>\n<section class='av_toggle_section av-m4pjrq9j-4780bbac9fe576ffcb6ae4040c5ad7dc'  itemscope=\"itemscope\" itemprop=\"mainEntity\" itemtype=\"https:\/\/schema.org\/Question\" ><div role=\"tablist\" class=\"single_toggle\" data-tags=\"{Alle} \"  ><p id='toggle-toggle-id-6' data-fake-id='#toggle-id-6' class='toggler  av-title-above '  itemprop=\"name\"  role='tab' tabindex='0' aria-controls='toggle-id-6' data-slide-speed=\"200\" data-title=\"Bieten Sie eine Art Garantie an?\" data-title-open=\"\" data-aria_collapsed=\"Click to expand: Bieten Sie eine Art Garantie an?\" data-aria_expanded=\"Click to collapse: Bieten Sie eine Art Garantie an?\">Bieten Sie eine Art Garantie an?<span class=\"toggle_icon\"><span class=\"vert_icon\"><\/span><span class=\"hor_icon\"><\/span><\/span><\/p><div id='toggle-id-6' aria-labelledby='toggle-toggle-id-6' role='region' class='toggle_wrap  av-title-above'   itemscope=\"itemscope\" itemprop=\"acceptedAnswer\" itemtype=\"https:\/\/schema.org\/Answer\" ><div class='toggle_content invers-color '  itemprop=\"text\" ><p>Ja, alle unsere Renovierungen beinhalten eine Garantie sowohl f\u00fcr die verwendeten Materialien als auch f\u00fcr die Qualit\u00e4t der Ausf\u00fchrung.<\/p>\n<\/div><\/div><\/div><\/section>\n<section class='av_toggle_section av-m4pjsizl-e6e3437bb225e753e02575f2c8c4c8ed'  itemscope=\"itemscope\" itemprop=\"mainEntity\" itemtype=\"https:\/\/schema.org\/Question\" ><div role=\"tablist\" class=\"single_toggle\" data-tags=\"{Alle} \"  ><p id='toggle-toggle-id-7' data-fake-id='#toggle-id-7' class='toggler  av-title-above '  itemprop=\"name\"  role='tab' tabindex='0' aria-controls='toggle-id-7' data-slide-speed=\"200\" data-title=\"Wie viel kostet eine Komplettsanierung?\" data-title-open=\"\" data-aria_collapsed=\"Click to expand: Wie viel kostet eine Komplettsanierung?\" data-aria_expanded=\"Click to collapse: Wie viel kostet eine Komplettsanierung?\">Wie viel kostet eine Komplettsanierung?<span class=\"toggle_icon\"><span class=\"vert_icon\"><\/span><span class=\"hor_icon\"><\/span><\/span><\/p><div id='toggle-id-7' aria-labelledby='toggle-toggle-id-7' role='region' class='toggle_wrap  av-title-above'   itemscope=\"itemscope\" itemprop=\"acceptedAnswer\" itemtype=\"https:\/\/schema.org\/Answer\" ><div class='toggle_content invers-color '  itemprop=\"text\" ><p>Die Kosten f\u00fcr eine Komplettsanierung variieren je nach Gr\u00f6\u00dfe, Materialien und Komplexit\u00e4t des Projekts. Kontaktieren Sie uns f\u00fcr ein pers\u00f6nliches Angebot, das auf Ihre Bed\u00fcrfnisse zugeschnitten ist.<\/p>\n<\/div><\/div><\/div><\/section>\n<section class='av_toggle_section av-m4pjsw52-fce6717740b8d4f2b8af19e031284b66'  itemscope=\"itemscope\" itemprop=\"mainEntity\" itemtype=\"https:\/\/schema.org\/Question\" ><div role=\"tablist\" class=\"single_toggle\" data-tags=\"{Alle} \"  ><p id='toggle-toggle-id-8' data-fake-id='#toggle-id-8' class='toggler  av-title-above '  itemprop=\"name\"  role='tab' tabindex='0' aria-controls='toggle-id-8' data-slide-speed=\"200\" data-title=\"Wie beginne ich mein Renovierungsprojekt?\" data-title-open=\"\" data-aria_collapsed=\"Click to expand: Wie beginne ich mein Renovierungsprojekt?\" data-aria_expanded=\"Click to collapse: Wie beginne ich mein Renovierungsprojekt?\">Wie beginne ich mein Renovierungsprojekt?<span class=\"toggle_icon\"><span class=\"vert_icon\"><\/span><span class=\"hor_icon\"><\/span><\/span><\/p><div id='toggle-id-8' aria-labelledby='toggle-toggle-id-8' role='region' class='toggle_wrap  av-title-above'   itemscope=\"itemscope\" itemprop=\"acceptedAnswer\" itemtype=\"https:\/\/schema.org\/Answer\" ><div class='toggle_content invers-color '  itemprop=\"text\" ><p>Setzen Sie sich einfach mit uns in Verbindung. Wir vereinbaren einen Erstbesuch, um den Raum zu bewerten, Ihre Bed\u00fcrfnisse zu verstehen und ein individuelles Budget zu erstellen.<\/p>\n<\/div><\/div><\/div><\/section>\n<\/div>\n","protected":false},"excerpt":{"rendered":"","protected":false},"author":3,"featured_media":4168,"parent":0,"menu_order":0,"comment_status":"closed","ping_status":"closed","template":"","meta":{"_seopress_robots_primary_cat":"","_seopress_titles_title":"Komplettsanierungen | N\u00ba\u278a | H\u00e4user \u00b7 Wohnungen \u00b7 Apartments \ud83c\udfe0","_seopress_titles_desc":"Komplettsanierungen in Nerja und Umgebung \ud83c\udfe0 Wir verwandeln alle Arten von Immobilien zum besten Preis \u261d Ma\u00dfgeschneidertes Design, Materialien h\u00f6chster Qualit\u00e4t und makellose Ausf\u00fchrungen \u2728","_seopress_robots_index":"","footnotes":""},"class_list":["post-2481","page","type-page","status-publish","has-post-thumbnail","hentry"],"_links":{"self":[{"href":"https:\/\/reformasnerja.com\/de\/wp-json\/wp\/v2\/pages\/2481","targetHints":{"allow":["GET"]}}],"collection":[{"href":"https:\/\/reformasnerja.com\/de\/wp-json\/wp\/v2\/pages"}],"about":[{"href":"https:\/\/reformasnerja.com\/de\/wp-json\/wp\/v2\/types\/page"}],"author":[{"embeddable":true,"href":"https:\/\/reformasnerja.com\/de\/wp-json\/wp\/v2\/users\/3"}],"replies":[{"embeddable":true,"href":"https:\/\/reformasnerja.com\/de\/wp-json\/wp\/v2\/comments?post=2481"}],"version-history":[{"count":25,"href":"https:\/\/reformasnerja.com\/de\/wp-json\/wp\/v2\/pages\/2481\/revisions"}],"predecessor-version":[{"id":4569,"href":"https:\/\/reformasnerja.com\/de\/wp-json\/wp\/v2\/pages\/2481\/revisions\/4569"}],"wp:featuredmedia":[{"embeddable":true,"href":"https:\/\/reformasnerja.com\/de\/wp-json\/wp\/v2\/media\/4168"}],"wp:attachment":[{"href":"https:\/\/reformasnerja.com\/de\/wp-json\/wp\/v2\/media?parent=2481"}],"curies":[{"name":"wp","href":"https:\/\/api.w.org\/{rel}","templated":true}]}}